{"id":8,"date":"2014-12-01T11:31:35","date_gmt":"2014-12-01T11:31:35","guid":{"rendered":"http:\/\/www.centrulrezidentialacasa.ro\/?page_id=8"},"modified":"2018-03-21T15:24:45","modified_gmt":"2018-03-21T15:24:45","slug":"despre-noi","status":"publish","type":"page","link":"https:\/\/www.centrulrezidentialacasa.ro\/?page_id=8","title":{"rendered":"Despre noi"},"content":{"rendered":"<div class=\"section cover \"><div class=\"row normal\"><div class=\"vc_col-sm-2\"><div class=\"element \"  ><div class=\"vc_empty_space\"  style=\"height: 32px\" ><span class=\"vc_empty_space_inner\"><\/span><\/div>\n\n<\/div><\/div><div class=\"vc_col-sm-8\"><div class=\"element \"  ><div class=\"vc_empty_space\"  style=\"height: 32px\" ><span class=\"vc_empty_space_inner\"><\/span><\/div>\n\n\n\t<div class=\"wpb_text_column wpb_content_element \">\n\t\t<div class=\"wpb_wrapper\">\n\t\t\t<p><a href=\"https:\/\/www.centrulrezidentialacasa.ro\/wp-content\/uploads\/2014\/12\/Prima-fotografie-de-pe-pagina-DESPRE-NOI.jpg\" rel=\"lightbox-0\" data-rel=\"lightbox-image-0\" data-rl_title=\"\" data-rl_caption=\"\" title=\"\"><img loading=\"lazy\" decoding=\"async\" src=\"https:\/\/www.centrulrezidentialacasa.ro\/wp-content\/uploads\/2014\/12\/Prima-fotografie-de-pe-pagina-DESPRE-NOI-1024x768.jpg\" alt=\"Prima fotografie de pe pagina DESPRE NOI\" width=\"920\" height=\"690\" class=\"alignnone size-large wp-image-685\" srcset=\"https:\/\/www.centrulrezidentialacasa.ro\/wp-content\/uploads\/2014\/12\/Prima-fotografie-de-pe-pagina-DESPRE-NOI-1024x768.jpg 1024w, https:\/\/www.centrulrezidentialacasa.ro\/wp-content\/uploads\/2014\/12\/Prima-fotografie-de-pe-pagina-DESPRE-NOI-300x225.jpg 300w, https:\/\/www.centrulrezidentialacasa.ro\/wp-content\/uploads\/2014\/12\/Prima-fotografie-de-pe-pagina-DESPRE-NOI-390x292.jpg 390w, https:\/\/www.centrulrezidentialacasa.ro\/wp-content\/uploads\/2014\/12\/Prima-fotografie-de-pe-pagina-DESPRE-NOI.jpg 2048w\" sizes=\"(max-width: 920px) 100vw, 920px\" \/><\/a><\/p>\n\n\t\t<\/div> \n\t<\/div> <\/div><\/div><\/div><\/div><div class=\"section cover \"><div class=\"row normal\"><div class=\"vc_col-sm-2\"><div class=\"element \"  ><\/div><\/div><div class=\"vc_col-sm-8\"><div class=\"element \"  >\n\t<div class=\"wpb_text_column wpb_content_element \">\n\t\t<div class=\"wpb_wrapper\">\n\t\t\t<p><strong><em>Misiunea<\/em><\/strong><br \/>\nMisiunea &#8220;Centrului Reziden\u0163ial Acas\u0103&#8221; este s\u0103 ofere servicii specializate de calitate persoanelor adulte\/v\u00e2rstnice care necesit\u0103 \u00eengrijire \u015fi supraveghere, \u00een vederea asigur\u0103rii unui trai decent. Astfel, \u201eCentrul Reziden\u0163ial Acas\u0103\u201d acord\u0103 g\u0103zduire pentru o perioad\u0103 determinat\u0103\/nedeterminat\u0103, asisten\u0163\u0103 medical\u0103, \u00eengrijire personal\u0103, consiliere\/psihoterapie, activi\u0163\u0103\u0163i cultural educative \u015fi de petrecere a timpului liber, kinetoterapie \u015fi logopedie dup\u0103 caz, asisten\u0163\u0103 spiritual\u0103 pentru persoane adulte\/v\u00e2rstnice care se afl\u0103 \u00een imposibilitatea de a se \u00eengriji singure acas\u0103.<br \/>\nCentrul are o capacitate de 68 de locuri, iar beneficiarii serviciului sunt persoane adulte\/v\u00e2rstnice at\u00e2t din Jude\u0163ul Ia\u015fi, c\u00e2t \u015fi din alte jude\u0163e ale \u0163\u0103rii.<\/p>\n<p><strong><em>Viziunea<\/em><\/strong><br \/>\n<strong>Funda\u0163ia Izvor<\/strong> are ca viziune respectarea tuturor drepturilor fiec\u0103rei persoane, indiferent dac\u0103 sunt persoane cu nevoi speciale sau nu. Fiecare individ, \u015fi cel cu nevoi speciale, este o crea\u0163ie unic\u0103 \u015fi are dreptul la o via\u0163\u0103 \u00een termeni armonio\u015fi, care s\u0103-i confere \u00eencredere, siguran\u0163a \u015fi protec\u0163ie. Misiunea Funda\u0163iei Izvor este de a crea condi\u0163ii normale de dezvoltare \u015fi evolu\u0163ie pentru persoanele aflate \u00een dificultate, de a le proteja \u015fi stimula, \u00een vederea dezvolt\u0103rii \u00eentregului lor poten\u0163ial \u015fi s\u0103 le ofere sprijin \u015fi suport.<\/p>\n<p>Unul dintre <strong>obiectivele<\/strong> funda\u0163iei este s\u0103 ofere servicii specializate de calitate persoanelor de v\u00e2rsta a treia care necesit\u0103 \u00eengrijire \u015fi supraveghere permanent\u0103, \u00een vederea asigur\u0103rii unui trai decent la v\u00e2rsta a treia.<\/p>\n<p><strong><em>Reziden\u0163ii pot alege una dintre urm\u0103toarele variante de cazare:\u00a0<\/em><\/strong><\/p>\n<ul>\n<li>\u00een camere cu regim privat (un pat)<\/li>\n<li>\u00een camere cu regim semiprivat (dou\u0103 paturi)<\/li>\n<\/ul>\n<p>Toate acomod\u0103rile sunt de tip hotelier.<strong> Pentru orice tip de camera a\u0163i opta, beneficia\u0163i de urm\u0103toarele dot\u0103ri:<\/strong><\/p>\n<ul>\n<li>Spa\u0163ii de socializare<\/li>\n<li>Camer\u0103 de gard\u0103<\/li>\n<li>Televizoare<\/li>\n<li>Camere de supraveghere \u00een spa\u0163iile comune<\/li>\n<li>Solicitare asistent\u0103 \u00een camer\u0103<\/li>\n<li>Posibilitate de amenajare interioar\u0103 cu mobil\u0103 \u015fi\/sau bunuri proprii, la alegere pentru apartamente<\/li>\n<\/ul>\n\n\t\t<\/div> \n\t<\/div> \n\t<div class=\"wpb_text_column wpb_content_element \">\n\t\t<div class=\"wpb_wrapper\">\n\t\t\t<p>Centrul este amplasat \u00eentr-o zon\u0103 lini\u015ftit\u0103, \u00een apropierea Ia\u015fiului, cu acces la mijloacele de transport \u00een comun.<\/p>\n<p>Cazarea poate fi de lung\u0103 durat\u0103 sau temporar\u0103.<\/p>\n<p>Personalul calificat acord\u0103 \u00een mod profesional asisten\u0163\u0103 personalizat\u0103 cu d\u0103ruire, afec\u0163iune, loialitate \u015fi confiden\u0163ialitate, oferind supraveghere permanent\u0103 seniorilor.<\/p>\n\n\t\t<\/div> \n\t<\/div> <\/div><\/div><div class=\"vc_col-sm-2\"><div class=\"element \"  ><\/div><\/div><\/div><\/div><div class=\"section cover \"><div class=\"row normal\"><div class=\"vc_col-sm-2\"><div class=\"element \"  ><\/div><\/div><div class=\"vc_col-sm-8\"><div class=\"element \"  >\n\t<div class=\"wpb_text_column wpb_content_element \">\n\t\t<div class=\"wpb_wrapper\">\n\t\t\t<p><a href=\"https:\/\/www.centrulrezidentialacasa.ro\/wp-content\/uploads\/2014\/12\/Fotografia-2-de-pe-pagina-despre-noi.jpg\" rel=\"lightbox-1\" data-rel=\"lightbox-image-1\" data-rl_title=\"\" data-rl_caption=\"\" title=\"\"><img loading=\"lazy\" decoding=\"async\" src=\"https:\/\/www.centrulrezidentialacasa.ro\/wp-content\/uploads\/2014\/12\/Fotografia-2-de-pe-pagina-despre-noi.jpg\" alt=\"Fotografia 2 de pe pagina despre noi\" width=\"960\" height=\"540\" class=\"alignnone size-full wp-image-686\" srcset=\"https:\/\/www.centrulrezidentialacasa.ro\/wp-content\/uploads\/2014\/12\/Fotografia-2-de-pe-pagina-despre-noi.jpg 960w, https:\/\/www.centrulrezidentialacasa.ro\/wp-content\/uploads\/2014\/12\/Fotografia-2-de-pe-pagina-despre-noi-300x168.jpg 300w, https:\/\/www.centrulrezidentialacasa.ro\/wp-content\/uploads\/2014\/12\/Fotografia-2-de-pe-pagina-despre-noi-390x219.jpg 390w\" sizes=\"(max-width: 960px) 100vw, 960px\" \/><\/a><\/p>\n\n\t\t<\/div> \n\t<\/div> <\/div><\/div><div class=\"vc_col-sm-2\"><div class=\"element \"  ><\/div><\/div><\/div><\/div>\n","protected":false},"excerpt":{"rendered":"Misiunea Misiunea \"Centrului Reziden\u0163ial Acas\u0103\" este s\u0103 ofere servicii specializate de calitate persoanelor adulte\/v\u00e2rstnice care necesit\u0103 \u00eengrijire \u015fi supraveghere, \u00een vederea asigur\u0103rii unui trai decent. Astfel, \u201eCentrul Reziden\u0163ial Acas\u0103\u201d acord\u0103...","protected":false},"author":1,"featured_media":0,"parent":0,"menu_order":1,"comment_status":"closed","ping_status":"closed","template":"","meta":{"footnotes":""},"jetpack_sharing_enabled":true,"_links":{"self":[{"href":"https:\/\/www.centrulrezidentialacasa.ro\/index.php?rest_route=\/wp\/v2\/pages\/8"}],"collection":[{"href":"https:\/\/www.centrulrezidentialacasa.ro\/index.php?rest_route=\/wp\/v2\/pages"}],"about":[{"href":"https:\/\/www.centrulrezidentialacasa.ro\/index.php?rest_route=\/wp\/v2\/types\/page"}],"author":[{"embeddable":true,"href":"https:\/\/www.centrulrezidentialacasa.ro\/index.php?rest_route=\/wp\/v2\/users\/1"}],"replies":[{"embeddable":true,"href":"https:\/\/www.centrulrezidentialacasa.ro\/index.php?rest_route=%2Fwp%2Fv2%2Fcomments&post=8"}],"version-history":[{"count":24,"href":"https:\/\/www.centrulrezidentialacasa.ro\/index.php?rest_route=\/wp\/v2\/pages\/8\/revisions"}],"predecessor-version":[{"id":687,"href":"https:\/\/www.centrulrezidentialacasa.ro\/index.php?rest_route=\/wp\/v2\/pages\/8\/revisions\/687"}],"wp:attachment":[{"href":"https:\/\/www.centrulrezidentialacasa.ro\/index.php?rest_route=%2Fwp%2Fv2%2Fmedia&parent=8"}],"curies":[{"name":"wp","href":"https:\/\/api.w.org\/{rel}","templated":true}]}}